{"id":7340,"date":"2020-04-23T20:23:35","date_gmt":"2020-04-23T18:23:35","guid":{"rendered":"https:\/\/www.amaranddesign.com\/amarand-servicios\/"},"modified":"2020-05-03T11:31:57","modified_gmt":"2020-05-03T09:31:57","slug":"amarand-servicios","status":"publish","type":"page","link":"https:\/\/www.amaranddesign.com\/es\/amarand-servicios\/","title":{"rendered":"Amarand Servicios"},"content":{"rendered":"<p>[vc_row equal_height=\u00bbyes\u00bb content_placement=\u00bbtop\u00bb css=\u00bb.vc_custom_1569595338139{margin-top: 100px !important;padding-bottom: 4% !important;}\u00bb el_class=\u00bbservices_header_margin_mobile\u00bb][vc_column css=\u00bb.vc_custom_1577541294297{background-image: url(https:\/\/www.amaranddesign.com\/wp-content\/uploads\/2019\/09\/003_1469-Edit-Edit.jpg?id=6918) !important;background-position: center !important;background-repeat: no-repeat !important;background-size: cover !important;}\u00bb offset=\u00bbvc_col-lg-offset-0 vc_col-lg-6 vc_col-md-offset-0 vc_col-md-5 vc_col-sm-offset-0&#8243; el_class=\u00bbservices_header_margin_mobile\u00bb][vc_empty_space height=\u00bb\u00bb css=\u00bb.vc_custom_1569594921528{padding-top: 17% !important;padding-bottom: 17% !important;}\u00bb el_class=\u00bbservices_image_padding\u00bb][\/vc_column][vc_column width=\u00bb5\/6&#8243; offset=\u00bbvc_col-lg-offset-0 vc_col-lg-6 vc_col-md-offset-0 vc_col-md-7 vc_col-sm-offset-1 vc_col-xs-offset-1 vc_col-xs-10&#8243; css=\u00bb.vc_custom_1568242059960{padding-top: 10% !important;padding-right: 10% !important;padding-bottom: 10% !important;padding-left: 10% !important;}\u00bb]<div class=\"qodef-section-title-holder  qodef-st-standard qodef-st-title-left qodef-st-normal-space  \" style=\"text-align: center\">\n\t<div class=\"qodef-st-inner\">\n        \t\t\t\t\t<h5 class=\"qodef-st-title\" >\n\t\t\t\tDise\u00f1o residencial\t\t\t<\/h5>\n\t\t\t\t\t<\/div>\n<\/div>[vc_column_text]El dise\u00f1o de interiores residencial se centra en la comodidad diaria del cliente, su estilo de vida y su gusto personal para la est\u00e9tica.<\/p>\n<p>Nuestro trabajo en este caso depende en descubrir las preferencias y necesidades del cliente en el dise\u00f1o de los espacios y c\u00f3mo ellos van a influir en desarrollar una vida m\u00e1s c\u00f3moda y interesante para ellos. Descubrimos con ellos sus gustos en materiales, colores y formas. Trabajamos con la luz, natural y artificial para crear atm\u00f3sferas para cada momento del d\u00eda y tambi\u00e9n pensamos en el futuro de sus viviendas, si necesitan o no espacios que se puedan modificar a lo largo de los a\u00f1os en caso que sea necesario.<\/p>\n<p>Nuestra meta es crear para nuestros clientes viviendas hermosas y \u00fanicas que mejorar\u00e1n su calidad de vida diaria.[\/vc_column_text][\/vc_column][\/vc_row][vc_row equal_height=\u00bbyes\u00bb content_placement=\u00bbtop\u00bb css=\u00bb.vc_custom_1568281622061{padding-bottom: 4% !important;}\u00bb el_class=\u00bbrow_reverse\u00bb][vc_column width=\u00bb5\/6&#8243; offset=\u00bbvc_col-lg-offset-0 vc_col-lg-6 vc_col-md-offset-0 vc_col-md-7 vc_col-sm-offset-1 vc_col-xs-offset-1 vc_col-xs-10&#8243; css=\u00bb.vc_custom_1568288061867{padding-top: 9% !important;padding-right: 10% !important;padding-bottom: 9% !important;padding-left: 10% !important;}\u00bb]<div class=\"qodef-section-title-holder  qodef-st-standard qodef-st-title-left qodef-st-normal-space  \" style=\"text-align: center\">\n\t<div class=\"qodef-st-inner\">\n        \t\t\t\t\t<h5 class=\"qodef-st-title\" >\n\t\t\t\tDise\u00f1o comercial\t\t\t<\/h5>\n\t\t\t\t\t<\/div>\n<\/div>[vc_column_text]Una identidad de marca establecida es uno de los factores m\u00e1s importantes para tener un negocio exitoso, y el dise\u00f1o de los espacios interiores tiene un valor crucial como parte de completar el proceso de creaci\u00f3n de la marca. El estilo y la distribuci\u00f3n de los muebles, la calidad de los materiales, los colores y muchos otros elementos, reflejan el car\u00e1cter y la personalidad de una marca y ayudan a los futuros clientes a crear de inmediato una idea de lo que representa el negocio, su calidad, integridad, valores etc.<\/p>\n<p>Con nuestro trabajo marcamos una diferencia en la imagen del negocio de nuestros clientes creando espacios atractivos que representan verdaderamente su identidad empresarial, generan confianza y hacen que el negocio de nuestros clientes sea memorable.[\/vc_column_text][\/vc_column][vc_column css=\u00bb.vc_custom_1568734256349{background-image: url(https:\/\/www.amaranddesign.com\/wp-content\/uploads\/2019\/09\/003_1645-Edit-Edit.jpg?id=6749) !important;background-position: center !important;background-repeat: no-repeat !important;background-size: cover !important;}\u00bb offset=\u00bbvc_col-lg-offset-0 vc_col-lg-6 vc_col-md-offset-0 vc_col-md-5 vc_col-sm-offset-0&#8243;][vc_empty_space height=\u00bb\u00bb css=\u00bb.vc_custom_1569595219766{padding-top: 17% !important;padding-bottom: 17% !important;}\u00bb el_class=\u00bbservices_image_padding\u00bb][\/vc_column][\/vc_row][vc_row equal_height=\u00bbyes\u00bb content_placement=\u00bbtop\u00bb css=\u00bb.vc_custom_1568281626959{padding-bottom: 4% !important;}\u00bb][vc_column css=\u00bb.vc_custom_1568733749173{background-image: url(https:\/\/www.amaranddesign.com\/wp-content\/uploads\/2019\/09\/003_1432-Edit-Edit-1.jpg?id=6747) !important;background-position: center !important;background-repeat: no-repeat !important;background-size: cover !important;}\u00bb offset=\u00bbvc_col-lg-offset-0 vc_col-lg-6 vc_col-md-offset-0 vc_col-md-5 vc_col-sm-offset-0&#8243;][vc_empty_space height=\u00bb\u00bb css=\u00bb.vc_custom_1569595224346{padding-top: 17% !important;padding-bottom: 17% !important;}\u00bb el_class=\u00bbservices_image_padding\u00bb][\/vc_column][vc_column width=\u00bb5\/6&#8243; offset=\u00bbvc_col-lg-offset-0 vc_col-lg-6 vc_col-md-offset-0 vc_col-md-7 vc_col-sm-offset-1 vc_col-xs-offset-1 vc_col-xs-10&#8243; css=\u00bb.vc_custom_1568406421916{padding-top: 3% !important;padding-right: 10% !important;padding-bottom: 5% !important;padding-left: 10% !important;}\u00bb el_class=\u00bbextra_padding\u00bb]<div class=\"qodef-section-title-holder  qodef-st-standard qodef-st-title-left qodef-st-normal-space  \" style=\"text-align: center\">\n\t<div class=\"qodef-st-inner\">\n        \t\t\t\t\t<h5 class=\"qodef-st-title\" >\n\t\t\t\tDise\u00f1o para promotoras inmobiliarias\t\t\t<\/h5>\n\t\t\t\t\t<\/div>\n<\/div>[vc_column_text]Para promotoras inmobiliarias, dise\u00f1amos una arquitectura interior atractiva que profundiza y estudia el comportamiento de las personas y c\u00f3mo ellos desean vivir en sus hogares, encontrando formas de unir en el dise\u00f1o la disponibilidad de m2 con el elemento de lujo. Lujo en la distribuci\u00f3n de los espacios y en los detalles arquitect\u00f3nicos, que combinados hacen que una propiedad sea especial y \u00fanica. Los materiales se eligen cuidadosamente teniendo en cuenta su est\u00e9tica y la forma en que encajan con la arquitectura y el entorno. Con todo, creamos una historia sobre la propiedad que emocionar\u00e1 al comprador que est\u00e1 buscando algo especial y, como resultado, har\u00e1 que el proceso de la venta sea mucho m\u00e1s f\u00e1cil y satisfactorio para ambas partes.<\/p>\n<p>Tambi\u00e9n dise\u00f1amos y decoramos propiedades piloto para que los posibles compradores puedan tener una idea inmediata de su nuevo hogar y ver el potencial de todos los espacios que la propiedad tiene para ofrecer. Con nuestro conocimiento de los espacios interiores y de la forma que las personas reaccionan a ellos, mejoramos el valor de la propiedad y hacemos que los compradores potenciales se sientan inmediatamente conectados a ella.[\/vc_column_text][\/vc_column][\/vc_row][vc_row equal_height=\u00bbyes\u00bb content_placement=\u00bbmiddle\u00bb css=\u00bb.vc_custom_1568281632029{padding-bottom: 4% !important;}\u00bb el_class=\u00bbrow_reverse\u00bb][vc_column width=\u00bb5\/6&#8243; offset=\u00bbvc_col-lg-offset-0 vc_col-lg-6 vc_col-md-offset-0 vc_col-md-7 vc_col-sm-offset-1 vc_col-xs-offset-1 vc_col-xs-10&#8243; css=\u00bb.vc_custom_1568288154135{padding-top: 9% !important;padding-right: 10% !important;padding-bottom: 9% !important;padding-left: 10% !important;}\u00bb]<div class=\"qodef-section-title-holder  qodef-st-standard qodef-st-title-left qodef-st-normal-space  \" style=\"text-align: center\">\n\t<div class=\"qodef-st-inner\">\n        \t\t\t\t\t<h5 class=\"qodef-st-title\" >\n\t\t\t\tLlaves en mano\t\t\t<\/h5>\n\t\t\t\t\t<\/div>\n<\/div>[vc_column_text]Nuestro servicio de llaves en mano es perfecto para aquellos que est\u00e1n limitados por el tiempo o la disponibilidad y no desean involucrarse completamente en el proceso del dise\u00f1o interior. En este caso, el cliente encarga al estudio la ejecuci\u00f3n general de un proyecto con un presupuesto establecido y una fecha l\u00edmite fija.<\/p>\n<p>Ya sea para espacios residenciales, de oficina o comerciales, nos encargamos del proceso completo: dise\u00f1o del proyecto, seguimiento y control de obra asegur\u00e1ndonos de que el trabajo se ejecute con la m\u00e1s alta calidad y de la manera que el cliente desee, contacto con los proveedores confirmando que todos los materiales, muebles y accesorios se reciban en perfecto estado y a tiempo y comprar,en caso de viviendas de alquiler vacacional, todos los art\u00edculos adicionales como ropa de cama, toallas, utensilios de cocina, etc. que hacen de una casa un hogar.[\/vc_column_text][\/vc_column][vc_column parallax=\u00bbcontent-moving\u00bb css=\u00bb.vc_custom_1569596748109{background-image: url(https:\/\/www.amaranddesign.com\/wp-content\/uploads\/2019\/09\/003_1540-Edit-Edit-2.jpg?id=6910) !important;background-position: center !important;background-repeat: no-repeat !important;background-size: cover !important;}\u00bb offset=\u00bbvc_col-lg-offset-0 vc_col-lg-6 vc_col-md-offset-0 vc_col-md-5 vc_col-sm-offset-0&#8243;][vc_empty_space height=\u00bb\u00bb css=\u00bb.vc_custom_1569595229218{padding-top: 17% !important;padding-bottom: 17% !important;}\u00bb el_class=\u00bbservices_image_padding\u00bb][\/vc_column][\/vc_row][vc_row css=\u00bb.vc_custom_1568479293950{background-color: #f2f2f2 !important;}\u00bb][vc_column offset=\u00bbvc_col-lg-offset-0 vc_col-md-offset-0 vc_col-sm-offset-0&#8243; css=\u00bb.vc_custom_1569435409256{padding-right: 12% !important;padding-left: 12% !important;}\u00bb]<div class=\"qodef-section-title-holder  qodef-st-standard qodef-st-title-left qodef-st-normal-space  \" style=\"text-align: center\">\n\t<div class=\"qodef-st-inner\">\n        \t\t\t\t\t<h4 class=\"qodef-st-title\" >\n\t\t\t\tQue hacemos\t\t\t<\/h4>\n\t\t\t\t\t<\/div>\n<\/div>[vc_column_text][\/vc_column_text][\/vc_column][\/vc_row][vc_row equal_height=\u00bbyes\u00bb content_placement=\u00bbtop\u00bb css=\u00bb.vc_custom_1569496051836{padding-bottom: 4% !important;background-color: #f2f2f2 !important;}\u00bb][vc_column width=\u00bb1\/2&#8243; offset=\u00bbvc_col-lg-offset-0 vc_col-md-offset-0 vc_col-sm-offset-0&#8243; css=\u00bb.vc_custom_1569496856779{padding-right: 10% !important;padding-left: 15% !important;}\u00bb]<div class=\"qodef-section-title-holder services_interior_architecture_design_title qodef-st-standard qodef-st-title-left qodef-st-normal-space  \" >\n\t<div class=\"qodef-st-inner\">\n        \t\t\t\t\t<h5 class=\"qodef-st-title\" >\n\t\t\t\tArquitectura interior y dise\u00f1o\t\t\t<\/h5>\n\t\t\t\t\t<\/div>\n<\/div>[vc_column_text]<\/p>\n<ul>\n<li><strong>Reformas:<\/strong> trabajamos directamente contigo para redistribuir tu espacio de una manera que tenga sentido en una estructura ya existente O Nueva construcci\u00f3n: trabajamos con nuestros propios arquitectos o tu arquitecto para crear interiores atractivos y habitables.<\/li>\n<li><strong>Dise\u00f1o exterior:<\/strong> si tienes un espacio exterior (terraza, patio, piscina, etc.) y deseas un dise\u00f1o atractivo y que se adapte a tus necesidades, nos ocupamos de todo el proceso: distribuci\u00f3n de espacios, elecci\u00f3n de materiales, dise\u00f1o de zonas verdes, elecci\u00f3n de mobiliario exterior y otros accesorios.<\/li>\n<li><strong>Selecci\u00f3n de materiales y acabados<\/strong> como suelos, azulejos, piedras, maderas, pinturas, papeles pintados, puertas, marcos de ventanas, etc.<\/li>\n<li><strong>Cocinas y ba\u00f1os dise\u00f1ados a medida<\/strong> con modificaciones estructurales y est\u00e9ticas.<\/li>\n<li><strong>Carpinter\u00eda de dise\u00f1o personalizada<\/strong> como armarios o armarios empotrados que proporcionar\u00e1n soluciones a medida para tus necesidades.<\/li>\n<\/ul>\n<p>[\/vc_column_text][\/vc_column][vc_column width=\u00bb1\/2&#8243; offset=\u00bbvc_col-lg-offset-0 vc_col-md-offset-0 vc_col-sm-offset-0&#8243; css=\u00bb.vc_custom_1569496864552{padding-right: 15% !important;padding-left: 10% !important;}\u00bb]<div class=\"qodef-section-title-holder services_interiordecoration_title qodef-st-standard qodef-st-title-left qodef-st-normal-space  \" >\n\t<div class=\"qodef-st-inner\">\n        \t\t\t\t\t<h5 class=\"qodef-st-title\" >\n\t\t\t\tDecoraci\u00f3n\t\t\t<\/h5>\n\t\t\t\t\t<\/div>\n<\/div>[vc_column_text]<\/p>\n<ul>\n<li><strong>Selecci\u00f3n de mobiliario, iluminaci\u00f3n y alfombras.<\/strong><\/li>\n<li><strong>Dise\u00f1o de muebles a medida (<\/strong>en caso de que tu proyecto necesita mobiliario a medida, trabajamos con artesanos expertos que dan vida a nuestras ideas de dise\u00f1o.)<\/li>\n<li><strong>Tapicer\u00eda<\/strong><\/li>\n<li><strong>Selecci\u00f3n de cortinas y otros elementos decorativos<\/strong> para ventanas<\/li>\n<li><strong>Selecci\u00f3n de obras de arte:<\/strong> trabajamos con diferentes galer\u00edas y distribuidores de arte para que podamos seleccionar entre una amplia gama de obras de arte que mejor se adapten a tu proyecto.<\/li>\n<li><strong>Selecci\u00f3n de accesorios <\/strong><\/li>\n<\/ul>\n<p>[\/vc_column_text][\/vc_column][\/vc_row]<\/p>\n","protected":false},"excerpt":{"rendered":"<p>[vc_row equal_height=\u00bbyes\u00bb content_placement=\u00bbtop\u00bb css=\u00bb.vc_custom_1569595338139{margin-top: 100px !important;padding-bottom: 4% !important;}\u00bb el_class=\u00bbservices_header_margin_mobile\u00bb][vc_column css=\u00bb.vc_custom_1577541294297{background-image: url(https:\/\/www.amaranddesign.com\/wp-content\/uploads\/2019\/09\/003_1469-Edit-Edit.jpg?id=6918) !important;background-position: center !important;background-repeat: no-repeat !important;background-size: cover !important;}\u00bb offset=\u00bbvc_col-lg-offset-0 vc_col-lg-6 vc_col-md-offset-0 vc_col-md-5 vc_col-sm-offset-0&#8243; el_class=\u00bbservices_header_margin_mobile\u00bb][vc_empty_space height=\u00bb\u00bb css=\u00bb.vc_custom_1569594921528{padding-top: 17% !important;padding-bottom: 17% !important;}\u00bb el_class=\u00bbservices_image_padding\u00bb][\/vc_column][vc_column width=\u00bb5\/6&#8243; offset=\u00bbvc_col-lg-offset-0 vc_col-lg-6 vc_col-md-offset-0 vc_col-md-7 vc_col-sm-offset-1 vc_col-xs-offset-1 vc_col-xs-10&#8243; css=\u00bb.vc_custom_1568242059960{padding-top: [&hellip;]<\/p>\n","protected":false},"author":2,"featured_media":0,"parent":0,"menu_order":0,"comment_status":"closed","ping_status":"closed","template":"full-width.php","meta":{"spay_email":"","footnotes":""},"yoast_head":"<!-- This site is optimized with the Yoast SEO Premium plugin v15.7 - https:\/\/yoast.com\/wordpress\/plugins\/seo\/ -->\n<title>Servicios de Interiorismo &ndash; Amarand Design Costa Blanca Interiorista<\/title>\n<meta name=\"description\" content=\"Estudio de interiorismo, Alicante, Costa Blanca.\" \/>\n<meta name=\"robots\" content=\"index, follow, max-snippet:-1, max-image-preview:large, max-video-preview:-1\" \/>\n<link rel=\"canonical\" href=\"https:\/\/www.amaranddesign.com\/es\/amarand-servicios\/\" \/>\n<meta property=\"og:locale\" content=\"es_ES\" \/>\n<meta property=\"og:type\" content=\"article\" \/>\n<meta property=\"og:title\" content=\"Servicios de Interiorismo &ndash; Amarand Design Costa Blanca Interiorista\" \/>\n<meta property=\"og:description\" content=\"Estudio de interiorismo, Alicante, Costa Blanca.\" \/>\n<meta property=\"og:url\" content=\"https:\/\/www.amaranddesign.com\/es\/amarand-servicios\/\" \/>\n<meta property=\"og:site_name\" content=\"Amarand Design\" \/>\n<meta property=\"article:publisher\" content=\"https:\/\/www.facebook.com\/amaranddesign\" \/>\n<meta property=\"article:modified_time\" content=\"2020-05-03T09:31:57+00:00\" \/>\n<meta property=\"og:image\" content=\"https:\/\/i0.wp.com\/www.amaranddesign.com\/wp-content\/uploads\/2019\/10\/002_9501-Edit-1.jpg?fit=1049%2C700&#038;ssl=1\" \/>\n\t<meta property=\"og:image:width\" content=\"1049\" \/>\n\t<meta property=\"og:image:height\" content=\"700\" \/>\n<meta name=\"twitter:card\" content=\"summary_large_image\" \/>\n<meta name=\"twitter:site\" content=\"@amarandd\" \/>\n<meta name=\"twitter:label1\" content=\"Tiempo de lectura\">\n\t<meta name=\"twitter:data1\" content=\"8 minutos\">\n<script type=\"application\/ld+json\" class=\"yoast-schema-graph\">{\"@context\":\"https:\/\/schema.org\",\"@graph\":[{\"@type\":\"Organization\",\"@id\":\"https:\/\/www.amaranddesign.com\/#organization\",\"name\":\"Amarand Design\",\"url\":\"https:\/\/www.amaranddesign.com\/\",\"sameAs\":[\"https:\/\/www.facebook.com\/amaranddesign\",\"https:\/\/www.instagram.com\/amaranddesign\",\"https:\/\/www.pinterest.es\/amarandd\/\",\"https:\/\/twitter.com\/amarandd\"],\"logo\":{\"@type\":\"ImageObject\",\"@id\":\"https:\/\/www.amaranddesign.com\/#logo\",\"inLanguage\":\"es\",\"url\":\"https:\/\/i0.wp.com\/www.amaranddesign.com\/wp-content\/uploads\/2019\/09\/Logo-Centered-Copy-6.png?fit=484%2C100&ssl=1\",\"width\":484,\"height\":100,\"caption\":\"Amarand Design\"},\"image\":{\"@id\":\"https:\/\/www.amaranddesign.com\/#logo\"}},{\"@type\":\"WebSite\",\"@id\":\"https:\/\/www.amaranddesign.com\/#website\",\"url\":\"https:\/\/www.amaranddesign.com\/\",\"name\":\"Amarand Design\",\"description\":\"Interior Design | Interior Architecture, Alicante, Costa Blanca\",\"publisher\":{\"@id\":\"https:\/\/www.amaranddesign.com\/#organization\"},\"potentialAction\":[{\"@type\":\"SearchAction\",\"target\":\"https:\/\/www.amaranddesign.com\/?s={search_term_string}\",\"query-input\":\"required name=search_term_string\"}],\"inLanguage\":\"es\"},{\"@type\":\"WebPage\",\"@id\":\"https:\/\/www.amaranddesign.com\/es\/amarand-servicios\/#webpage\",\"url\":\"https:\/\/www.amaranddesign.com\/es\/amarand-servicios\/\",\"name\":\"Servicios de Interiorismo &ndash; Amarand Design Costa Blanca Interiorista\",\"isPartOf\":{\"@id\":\"https:\/\/www.amaranddesign.com\/#website\"},\"datePublished\":\"2020-04-23T18:23:35+00:00\",\"dateModified\":\"2020-05-03T09:31:57+00:00\",\"description\":\"Estudio de interiorismo, Alicante, Costa Blanca.\",\"inLanguage\":\"es\",\"potentialAction\":[{\"@type\":\"ReadAction\",\"target\":[\"https:\/\/www.amaranddesign.com\/es\/amarand-servicios\/\"]}]}]}<\/script>\n<!-- \/ Yoast SEO Premium plugin. -->","_links":{"self":[{"href":"https:\/\/www.amaranddesign.com\/es\/wp-json\/wp\/v2\/pages\/7340"}],"collection":[{"href":"https:\/\/www.amaranddesign.com\/es\/wp-json\/wp\/v2\/pages"}],"about":[{"href":"https:\/\/www.amaranddesign.com\/es\/wp-json\/wp\/v2\/types\/page"}],"author":[{"embeddable":true,"href":"https:\/\/www.amaranddesign.com\/es\/wp-json\/wp\/v2\/users\/2"}],"replies":[{"embeddable":true,"href":"https:\/\/www.amaranddesign.com\/es\/wp-json\/wp\/v2\/comments?post=7340"}],"version-history":[{"count":10,"href":"https:\/\/www.amaranddesign.com\/es\/wp-json\/wp\/v2\/pages\/7340\/revisions"}],"predecessor-version":[{"id":7373,"href":"https:\/\/www.amaranddesign.com\/es\/wp-json\/wp\/v2\/pages\/7340\/revisions\/7373"}],"wp:attachment":[{"href":"https:\/\/www.amaranddesign.com\/es\/wp-json\/wp\/v2\/media?parent=7340"}],"curies":[{"name":"wp","href":"https:\/\/api.w.org\/{rel}","templated":true}]}}